{"id":2009,"date":"2025-09-08T11:41:07","date_gmt":"2025-09-08T11:41:07","guid":{"rendered":"https:\/\/archivesdusenegal.gouv.sn\/?page_id=2009"},"modified":"2026-04-20T15:33:49","modified_gmt":"2026-04-20T15:33:49","slug":"valorisation","status":"publish","type":"page","link":"https:\/\/archivesdusenegal.gouv.sn\/?page_id=2009","title":{"rendered":"Valorisation"},"content":{"rendered":"<p>[et_pb_section fb_built=\u00a0\u00bb1&Prime; _builder_version=\u00a0\u00bb4.22.0&Prime; _module_preset=\u00a0\u00bbdefault\u00a0\u00bb global_colors_info=\u00a0\u00bb{}\u00a0\u00bb][et_pb_row _builder_version=\u00a0\u00bb4.22.0&Prime; _module_preset=\u00a0\u00bbdefault\u00a0\u00bb global_colors_info=\u00a0\u00bb{}\u00a0\u00bb][et_pb_column type=\u00a0\u00bb4_4&Prime; _builder_version=\u00a0\u00bb4.22.0&Prime; _module_preset=\u00a0\u00bbdefault\u00a0\u00bb global_colors_info=\u00a0\u00bb{}\u00a0\u00bb][et_pb_accordion _builder_version=\u00a0\u00bb4.22.0&Prime; _module_preset=\u00a0\u00bbdefault\u00a0\u00bb hover_enabled=\u00a0\u00bb0&Prime; global_colors_info=\u00a0\u00bb{}\u00a0\u00bb sticky_enabled=\u00a0\u00bb0&Prime;][et_pb_accordion_item title=\u00a0\u00bbValorisation\u00a0\u00bb open=\u00a0\u00bbon\u00a0\u00bb open_toggle_text_color=\u00a0\u00bb#00853F\u00a0\u00bb _builder_version=\u00a0\u00bb4.22.0&Prime; _module_preset=\u00a0\u00bbdefault\u00a0\u00bb body_text_color=\u00a0\u00bb#000000&Prime; hover_enabled=\u00a0\u00bb0&Prime; global_colors_info=\u00a0\u00bb{}\u00a0\u00bb toggle_font_size=\u00a0\u00bb28px\u00a0\u00bb border_width_all=\u00a0\u00bb0px\u00a0\u00bb sticky_enabled=\u00a0\u00bb0&Prime;]<\/p>\n<p>Depuis 1982 les Archives du S\u00e9n\u00e9gal, anim\u00e9es par la volont\u00e9 d\u2019une part de satisfaire le plus large public et de l\u2019autre part de mieux se faire connaitre, ont cr\u00e9e le Service Educatif qui est l\u2019actuel. \u00ab Bureau des activit\u00e9s \u00e9ducatives \u00bb log\u00e9 dans la\u00a0 Division des activit\u00e9s \u00e9ducatives, de l\u2019iconographie et des comm\u00e9morations. Cette division, constitu\u00e9e de deux bureaux, est charg\u00e9e de l\u2019organisation d\u2019expositions, de visites guid\u00e9es des archives, de journ\u00e9es portes ouvertes, d\u2019ateliers p\u00e9dagogiques etc.<\/p>\n<p>Essentiellement ouvert au public scolaire, ce service entend mener un ensemble d\u2019activit\u00e9s \u00e0 but p\u00e9dagogiques et culturelle en collaboration avec le Minist\u00e8re de l\u2019\u00e9ducation nationale et le bureau de la communication et des relations publiques.<\/p>\n<p>Depuis sa cr\u00e9ation, ce service a r\u00e9alis\u00e9 plusieurs activit\u00e9s culturelles\u00a0et p\u00e9dagogiques: expositions itin\u00e9rantes, concours du jeune historien, portes ouvertes et visites guid\u00e9es.<\/p>\n<p>Ces activit\u00e9s culturelles ont permis d\u2019attirer un public particulier qui n\u2019a pas l\u2019habitude de fr\u00e9quenter la salle de lecture.<\/p>\n<p>[\/et_pb_accordion_item][\/et_pb_accordion][\/et_pb_column][\/et_pb_row][\/et_pb_section]<\/p>\n","protected":false},"excerpt":{"rendered":"<p>Depuis 1982 les Archives du S\u00e9n\u00e9gal, anim\u00e9es par la volont\u00e9 d\u2019une part de satisfaire le plus large public et de l\u2019autre part de mieux se faire connaitre, ont cr\u00e9e le Service Educatif qui est l\u2019actuel. \u00ab Bureau des activit\u00e9s \u00e9ducatives \u00bb log\u00e9 dans la\u00a0 Division des activit\u00e9s \u00e9ducatives, de l\u2019iconographie et des comm\u00e9morations. Cette division, [&hellip;]<\/p>\n","protected":false},"author":3,"featured_media":0,"parent":0,"menu_order":0,"comment_status":"closed","ping_status":"closed","template":"","meta":{"_et_pb_use_builder":"on","_et_pb_old_content":"<!-- wp:divi\/placeholder \/-->","_et_gb_content_width":"","footnotes":""},"class_list":["post-2009","page","type-page","status-publish","hentry"],"_links":{"self":[{"href":"https:\/\/archivesdusenegal.gouv.sn\/index.php?rest_route=\/wp\/v2\/pages\/2009","targetHints":{"allow":["GET"]}}],"collection":[{"href":"https:\/\/archivesdusenegal.gouv.sn\/index.php?rest_route=\/wp\/v2\/pages"}],"about":[{"href":"https:\/\/archivesdusenegal.gouv.sn\/index.php?rest_route=\/wp\/v2\/types\/page"}],"author":[{"embeddable":true,"href":"https:\/\/archivesdusenegal.gouv.sn\/index.php?rest_route=\/wp\/v2\/users\/3"}],"replies":[{"embeddable":true,"href":"https:\/\/archivesdusenegal.gouv.sn\/index.php?rest_route=%2Fwp%2Fv2%2Fcomments&post=2009"}],"version-history":[{"count":5,"href":"https:\/\/archivesdusenegal.gouv.sn\/index.php?rest_route=\/wp\/v2\/pages\/2009\/revisions"}],"predecessor-version":[{"id":3751,"href":"https:\/\/archivesdusenegal.gouv.sn\/index.php?rest_route=\/wp\/v2\/pages\/2009\/revisions\/3751"}],"wp:attachment":[{"href":"https:\/\/archivesdusenegal.gouv.sn\/index.php?rest_route=%2Fwp%2Fv2%2Fmedia&parent=2009"}],"curies":[{"name":"wp","href":"https:\/\/api.w.org\/{rel}","templated":true}]}}