{"id":2017,"date":"2025-09-08T12:10:06","date_gmt":"2025-09-08T12:10:06","guid":{"rendered":"https:\/\/archivesdusenegal.gouv.sn\/?page_id=2017"},"modified":"2025-10-23T08:21:23","modified_gmt":"2025-10-23T08:21:23","slug":"visite-guide","status":"publish","type":"page","link":"https:\/\/archivesdusenegal.gouv.sn\/?page_id=2017","title":{"rendered":"Visite guid\u00e9e"},"content":{"rendered":"\n[et_pb_section fb_built=\u00a0\u00bb1&Prime; _builder_version=\u00a0\u00bb4.22.0&Prime; _module_preset=\u00a0\u00bbdefault\u00a0\u00bb global_colors_info=\u00a0\u00bb{}\u00a0\u00bb][et_pb_row _builder_version=\u00a0\u00bb4.22.0&Prime; _module_preset=\u00a0\u00bbdefault\u00a0\u00bb global_colors_info=\u00a0\u00bb{}\u00a0\u00bb][et_pb_column type=\u00a0\u00bb4_4&Prime; _builder_version=\u00a0\u00bb4.22.0&Prime; _module_preset=\u00a0\u00bbdefault\u00a0\u00bb global_colors_info=\u00a0\u00bb{}\u00a0\u00bb][et_pb_accordion _builder_version=\u00a0\u00bb4.22.0&Prime; _module_preset=\u00a0\u00bbdefault\u00a0\u00bb hover_enabled=\u00a0\u00bb0&Prime; global_colors_info=\u00a0\u00bb{}\u00a0\u00bb sticky_enabled=\u00a0\u00bb0&Prime;][et_pb_accordion_item title=\u00a0\u00bbPortes ouvertes et visites guid\u00e9es\u00a0\u00bb open=\u00a0\u00bbon\u00a0\u00bb open_toggle_text_color=\u00a0\u00bb#000000&Prime; _builder_version=\u00a0\u00bb4.22.0&Prime; _module_preset=\u00a0\u00bbdefault\u00a0\u00bb body_text_color=\u00a0\u00bb#000000&Prime; hover_enabled=\u00a0\u00bb0&Prime; global_colors_info=\u00a0\u00bb{}\u00a0\u00bb sticky_enabled=\u00a0\u00bb0&Prime;]<p>Le service a organis\u00e9 plusieurs visites guid\u00e9es au profit des \u00e9l\u00e8ves des \u00e9tablissements scolaires publics ou priv\u00e9s, du primaire et du secondaire de Dakar.<\/p>\n<p>De 2017 \u00e0 nos jours les \u00e9coles suivantes ont b\u00e9n\u00e9fici\u00e9 d\u2019une visite guid\u00e9e aux Archives du S\u00e9n\u00e9gal :<\/p>\n<ul>\n<li>Universit\u00e9 virtuelle du S\u00e9n\u00e9gal ,<\/li>\n<li>Ecole Polytechnique de Thi\u00e8s,<\/li>\n<li>Ecole d\u2019Application et d\u2019Infanterie de Thi\u00e8s,<\/li>\n<li>Universit\u00e9 Assane Seck de Ziguinchor (40),<\/li>\n<li>Ecole des biblioth\u00e9caires, archivistes et documentalistes de l\u2019UCAD<\/li>\n<\/ul>[\/et_pb_accordion_item][\/et_pb_accordion][\/et_pb_column][\/et_pb_row][\/et_pb_section]\n","protected":false},"excerpt":{"rendered":"<p>Le service a organis\u00e9 plusieurs visites guid\u00e9es au profit des \u00e9l\u00e8ves des \u00e9tablissements scolaires publics ou priv\u00e9s, du primaire et du secondaire de Dakar. De 2017 \u00e0 nos jours les \u00e9coles suivantes ont b\u00e9n\u00e9fici\u00e9 d\u2019une visite guid\u00e9e aux Archives du S\u00e9n\u00e9gal : Universit\u00e9 virtuelle du S\u00e9n\u00e9gal , Ecole Polytechnique de Thi\u00e8s, Ecole d\u2019Application et d\u2019Infanterie [&hellip;]<\/p>\n","protected":false},"author":3,"featured_media":0,"parent":0,"menu_order":0,"comment_status":"closed","ping_status":"closed","template":"","meta":{"_et_pb_use_builder":"on","_et_pb_old_content":"<!-- wp:divi\/placeholder \/-->","_et_gb_content_width":"","footnotes":""},"class_list":["post-2017","page","type-page","status-publish","hentry"],"_links":{"self":[{"href":"https:\/\/archivesdusenegal.gouv.sn\/index.php?rest_route=\/wp\/v2\/pages\/2017","targetHints":{"allow":["GET"]}}],"collection":[{"href":"https:\/\/archivesdusenegal.gouv.sn\/index.php?rest_route=\/wp\/v2\/pages"}],"about":[{"href":"https:\/\/archivesdusenegal.gouv.sn\/index.php?rest_route=\/wp\/v2\/types\/page"}],"author":[{"embeddable":true,"href":"https:\/\/archivesdusenegal.gouv.sn\/index.php?rest_route=\/wp\/v2\/users\/3"}],"replies":[{"embeddable":true,"href":"https:\/\/archivesdusenegal.gouv.sn\/index.php?rest_route=%2Fwp%2Fv2%2Fcomments&post=2017"}],"version-history":[{"count":6,"href":"https:\/\/archivesdusenegal.gouv.sn\/index.php?rest_route=\/wp\/v2\/pages\/2017\/revisions"}],"predecessor-version":[{"id":2316,"href":"https:\/\/archivesdusenegal.gouv.sn\/index.php?rest_route=\/wp\/v2\/pages\/2017\/revisions\/2316"}],"wp:attachment":[{"href":"https:\/\/archivesdusenegal.gouv.sn\/index.php?rest_route=%2Fwp%2Fv2%2Fmedia&parent=2017"}],"curies":[{"name":"wp","href":"https:\/\/api.w.org\/{rel}","templated":true}]}}